{"version":"1.0","provider_name":"Schreiner Group Forum","provider_url":"https:\/\/forum.schreiner-group.com\/de\/","author_name":"Bettina Walz","author_url":"https:\/\/forum.schreiner-group.com\/de\/author\/bettina-walz\/","title":"Neue Spitze im Technologie- und Innovationsmanagement - Schreiner Group Forum","type":"rich","width":600,"height":338,"html":"<blockquote class=\"wp-embedded-content\" data-secret=\"J4AaX3XKpe\"><a href=\"https:\/\/forum.schreiner-group.com\/de\/neue-spitze-im-technologie-und-innovationsmanagement\/\">Neue Spitze im Technologie- und Innovationsmanagement<\/a><\/blockquote><iframe sandbox=\"allow-scripts\" security=\"restricted\" src=\"https:\/\/forum.schreiner-group.com\/de\/neue-spitze-im-technologie-und-innovationsmanagement\/embed\/#?secret=J4AaX3XKpe\" width=\"600\" height=\"338\" title=\"&#8222;Neue Spitze im Technologie- und Innovationsmanagement&#8220; &#8211; Schreiner Group Forum\" data-secret=\"J4AaX3XKpe\" frameborder=\"0\" marginwidth=\"0\" marginheight=\"0\" scrolling=\"no\" class=\"wp-embedded-content\"><\/iframe><script type=\"text\/javascript\">\n\/* <![CDATA[ *\/\n\/*! This file is auto-generated *\/\n!function(d,l){\"use strict\";l.querySelector&&d.addEventListener&&\"undefined\"!=typeof URL&&(d.wp=d.wp||{},d.wp.receiveEmbedMessage||(d.wp.receiveEmbedMessage=function(e){var t=e.data;if((t||t.secret||t.message||t.value)&&!\/[^a-zA-Z0-9]\/.test(t.secret)){for(var s,r,n,a=l.querySelectorAll('iframe[data-secret=\"'+t.secret+'\"]'),o=l.querySelectorAll('blockquote[data-secret=\"'+t.secret+'\"]'),c=new RegExp(\"^https?:$\",\"i\"),i=0;i<o.length;i++)o[i].style.display=\"none\";for(i=0;i<a.length;i++)s=a[i],e.source===s.contentWindow&&(s.removeAttribute(\"style\"),\"height\"===t.message?(1e3<(r=parseInt(t.value,10))?r=1e3:~~r<200&&(r=200),s.height=r):\"link\"===t.message&&(r=new URL(s.getAttribute(\"src\")),n=new URL(t.value),c.test(n.protocol))&&n.host===r.host&&l.activeElement===s&&(d.top.location.href=t.value))}},d.addEventListener(\"message\",d.wp.receiveEmbedMessage,!1),l.addEventListener(\"DOMContentLoaded\",function(){for(var e,t,s=l.querySelectorAll(\"iframe.wp-embedded-content\"),r=0;r<s.length;r++)(t=(e=s[r]).getAttribute(\"data-secret\"))||(t=Math.random().toString(36).substring(2,12),e.src+=\"#?secret=\"+t,e.setAttribute(\"data-secret\",t)),e.contentWindow.postMessage({message:\"ready\",secret:t},\"*\")},!1)))}(window,document);\n\/* ]]> *\/\n<\/script>\n","thumbnail_url":"https:\/\/forum.schreiner-group.com\/wp-content\/uploads\/2025\/11\/schreiner-group-leadership-technology-innovation-management.jpg","thumbnail_width":1920,"thumbnail_height":1280,"description":"Wechsel an der Spitze des Technologie- und Innovationsmanagements (TIM): Dr. Jens Vor der Br\u00fcggen, seit vielen Jahren Leiter der Forschung und Entwicklung (F+E), hat im Sommer die Verantwortung f\u00fcr das TIM von Robert Weiss \u00fcbernommen. Herr Weiss begleitet den Wechsel in der \u00dcbergangsphase als \u201eSenior Management Consultant Technologiemanagement\u201c und wird weiterhin zentrale strategische Aufgaben \u00fcbernehmen."}