{"version":"1.0","provider_name":"Schreiner Group Forum","provider_url":"https:\/\/forum.schreiner-group.com\/de\/","author_name":"markus.liedl@schreiner-group.com","author_url":"https:\/\/forum.schreiner-group.com\/de\/author\/markus-liedlschreiner-group-de\/","title":"Dorfen: Von gro\u00dfen Pl\u00e4nen und offenen T\u00fcren - Schreiner Group Forum","type":"rich","width":600,"height":338,"html":"<blockquote class=\"wp-embedded-content\" data-secret=\"3P7Ir1Uc64\"><a href=\"https:\/\/forum.schreiner-group.com\/de\/dorfen-von-grossen-plaenen-und-offenen-tueren\/\">Dorfen: Von gro\u00dfen Pl\u00e4nen und offenen T\u00fcren<\/a><\/blockquote><iframe sandbox=\"allow-scripts\" security=\"restricted\" src=\"https:\/\/forum.schreiner-group.com\/de\/dorfen-von-grossen-plaenen-und-offenen-tueren\/embed\/#?secret=3P7Ir1Uc64\" width=\"600\" height=\"338\" title=\"&#8222;Dorfen: Von gro\u00dfen Pl\u00e4nen und offenen T\u00fcren&#8220; &#8211; Schreiner Group Forum\" data-secret=\"3P7Ir1Uc64\" frameborder=\"0\" marginwidth=\"0\" marginheight=\"0\" scrolling=\"no\" class=\"wp-embedded-content\"><\/iframe><script type=\"text\/javascript\">\n\/* <![CDATA[ *\/\n\/*! This file is auto-generated *\/\n!function(d,l){\"use strict\";l.querySelector&&d.addEventListener&&\"undefined\"!=typeof URL&&(d.wp=d.wp||{},d.wp.receiveEmbedMessage||(d.wp.receiveEmbedMessage=function(e){var t=e.data;if((t||t.secret||t.message||t.value)&&!\/[^a-zA-Z0-9]\/.test(t.secret)){for(var s,r,n,a=l.querySelectorAll('iframe[data-secret=\"'+t.secret+'\"]'),o=l.querySelectorAll('blockquote[data-secret=\"'+t.secret+'\"]'),c=new RegExp(\"^https?:$\",\"i\"),i=0;i<o.length;i++)o[i].style.display=\"none\";for(i=0;i<a.length;i++)s=a[i],e.source===s.contentWindow&&(s.removeAttribute(\"style\"),\"height\"===t.message?(1e3<(r=parseInt(t.value,10))?r=1e3:~~r<200&&(r=200),s.height=r):\"link\"===t.message&&(r=new URL(s.getAttribute(\"src\")),n=new URL(t.value),c.test(n.protocol))&&n.host===r.host&&l.activeElement===s&&(d.top.location.href=t.value))}},d.addEventListener(\"message\",d.wp.receiveEmbedMessage,!1),l.addEventListener(\"DOMContentLoaded\",function(){for(var e,t,s=l.querySelectorAll(\"iframe.wp-embedded-content\"),r=0;r<s.length;r++)(t=(e=s[r]).getAttribute(\"data-secret\"))||(t=Math.random().toString(36).substring(2,12),e.src+=\"#?secret=\"+t,e.setAttribute(\"data-secret\",t)),e.contentWindow.postMessage({message:\"ready\",secret:t},\"*\")},!1)))}(window,document);\n\/* ]]> *\/\n<\/script>\n","thumbnail_url":"https:\/\/forum.schreiner-group.com\/wp-content\/uploads\/2024\/11\/schreiner-group-dorfen-major.jpg","thumbnail_width":1920,"thumbnail_height":1280,"description":"Dorfen w\u00e4chst weiter: Nur f\u00fcnf Jahre nach seiner Gr\u00fcndung baut die Schreiner Group den Standort Dorfen deutlich aus. Beim Spatenstich zeigten sich B\u00fcrgermeister und Landrat tief beeindruckt. Beim Tag der offenen T\u00fcr im Werk Dorfen konnten die Besucher die Schreiner Group auf vielf\u00e4ltige Art erleben. F\u00fcr Kinder gab es ein ganz besonderes Highlight."}