{"version":"1.0","provider_name":"Schreiner Group Forum","provider_url":"https:\/\/forum.schreiner-group.com\/de\/","author_name":"Bettina Walz","author_url":"https:\/\/forum.schreiner-group.com\/de\/author\/bettina-walz\/","title":"CO2-neutral: Heute f\u00fcr Morgen - Schreiner Group Forum","type":"rich","width":600,"height":338,"html":"<blockquote class=\"wp-embedded-content\" data-secret=\"gZekPooajW\"><a href=\"https:\/\/forum.schreiner-group.com\/de\/co2-neutral-heute-fuer-morgen\/\">CO2-neutral: Heute f\u00fcr Morgen<\/a><\/blockquote><iframe sandbox=\"allow-scripts\" security=\"restricted\" src=\"https:\/\/forum.schreiner-group.com\/de\/co2-neutral-heute-fuer-morgen\/embed\/#?secret=gZekPooajW\" width=\"600\" height=\"338\" title=\"&#8222;CO2-neutral: Heute f\u00fcr Morgen&#8220; &#8211; Schreiner Group Forum\" data-secret=\"gZekPooajW\" frameborder=\"0\" marginwidth=\"0\" marginheight=\"0\" scrolling=\"no\" class=\"wp-embedded-content\"><\/iframe><script type=\"text\/javascript\">\n\/* <![CDATA[ *\/\n\/*! This file is auto-generated *\/\n!function(d,l){\"use strict\";l.querySelector&&d.addEventListener&&\"undefined\"!=typeof URL&&(d.wp=d.wp||{},d.wp.receiveEmbedMessage||(d.wp.receiveEmbedMessage=function(e){var t=e.data;if((t||t.secret||t.message||t.value)&&!\/[^a-zA-Z0-9]\/.test(t.secret)){for(var s,r,n,a=l.querySelectorAll('iframe[data-secret=\"'+t.secret+'\"]'),o=l.querySelectorAll('blockquote[data-secret=\"'+t.secret+'\"]'),c=new RegExp(\"^https?:$\",\"i\"),i=0;i<o.length;i++)o[i].style.display=\"none\";for(i=0;i<a.length;i++)s=a[i],e.source===s.contentWindow&&(s.removeAttribute(\"style\"),\"height\"===t.message?(1e3<(r=parseInt(t.value,10))?r=1e3:~~r<200&&(r=200),s.height=r):\"link\"===t.message&&(r=new URL(s.getAttribute(\"src\")),n=new URL(t.value),c.test(n.protocol))&&n.host===r.host&&l.activeElement===s&&(d.top.location.href=t.value))}},d.addEventListener(\"message\",d.wp.receiveEmbedMessage,!1),l.addEventListener(\"DOMContentLoaded\",function(){for(var e,t,s=l.querySelectorAll(\"iframe.wp-embedded-content\"),r=0;r<s.length;r++)(t=(e=s[r]).getAttribute(\"data-secret\"))||(t=Math.random().toString(36).substring(2,12),e.src+=\"#?secret=\"+t,e.setAttribute(\"data-secret\",t)),e.contentWindow.postMessage({message:\"ready\",secret:t},\"*\")},!1)))}(window,document);\n\/* ]]> *\/\n<\/script>\n","thumbnail_url":"https:\/\/forum.schreiner-group.com\/wp-content\/uploads\/2024\/05\/schreiner-group-co2-neutral.jpg","thumbnail_width":1920,"thumbnail_height":1280,"description":"Ob das gewaltige Geothermieprojekt f\u00fcr fast sechs Millionen Euro oder die vielen Nistk\u00e4sten f\u00fcr heimische V\u00f6gel auf dem Betriebsgel\u00e4nde: Jede Nachhaltigkeitsma\u00dfnahme der Schreiner Group ist ein weiterer Schritt auf dem Weg in eine klimaneutrale Zukunft. Damit das gelingt, hat sich das Unternehmen wissenschaftsbasierte Ziele gesetzt und l\u00e4sst die Fortschritte stets auch extern bewerten \u2013 mit gro\u00dfem Erfolg."}